{"id":19,"date":"2011-04-13T18:29:51","date_gmt":"2011-04-13T18:29:51","guid":{"rendered":"http:\/\/swab.attraction.se\/?page_id=19"},"modified":"2024-04-19T10:57:14","modified_gmt":"2024-04-19T10:57:14","slug":"information-kristianstadsgatan-21-a-c","status":"publish","type":"page","link":"http:\/\/swabfastigheter.se\/?page_id=19","title":{"rendered":"Kristianstadsgatan 21 A-C"},"content":{"rendered":"<h1>Kristianstadsgatan 21 A-C<\/h1>\n<hr \/>\n<p><span class=\"hyresgast-d\">06.04.2024<\/span><\/p>\n<h2>Cyklar p\u00e5 g\u00e5rden<\/h2>\n<p>Alla cyklar p\u00e5 g\u00e5rden kommer fr o m 15 april att m\u00e4rkas med ett r\u00f6tt plastband, vilket du som \u00e4ger cykeln snarast skall avl\u00e4gsna. De cyklar som fortfarande har kvar sin markering efter tre veckor kommer att forslas bort genom fastighets\u00e4garens f\u00f6rsorg.<\/p>\n<p>Cyklar skall parkeras i de cykelst\u00e4ll som \u00e4r utplacerade p\u00e5 g\u00e5rden, inte p\u00e5 gr\u00e4smattan eller i porten. Cykelst\u00e4llen \u00e4r till f\u00f6r fungerande\/anv\u00e4ndningsbara cyklar, inte en uppst\u00e4llningsplats f\u00f6r gamla trasiga ej fungerande cyklar.<\/p>\n<p>Det \u00e4r inte till\u00e5tet att parkera mopeder eller motorcyklar p\u00e5 g\u00e5rden.<\/p>\n<hr \/>\n<p><span class=\"hyresgast-d\">02.09.2011<\/span><\/p>\n<h2>Nytt yttertak mot g\u00e5rden<\/h2>\n<p>Vi har under en l\u00e4ngre tid haft problem med l\u00e4ckage genom yttertaket mot g\u00e5rdssidan. D\u00e5 det under de senaste m\u00e5naderna regnat ovanligt mycket har l\u00e4get blivit akut och oml\u00e4ggning av papptaket m\u00e5ste g\u00f6ras snarast m\u00f6jligt. Vi har anlitat Takmontage AB i Dalby f\u00f6r takoml\u00e4ggning och tillh\u00f6rande pl\u00e5tarbete.<br \/>\nArbetet kommer att p\u00e5b\u00f6rjas i vecka 39 vilket inneb\u00e4r att st\u00e4llningar kommer att resas utmed fasaden p\u00e5 g\u00e5rdssidan. Vi ber om \u00f6verseende med de ol\u00e4genheter arbetet medf\u00f6r och vi kommer l\u00f6pande informera p\u00e5 hemsidan.<\/p>\n<hr \/>\n<p><span class=\"hyresgast-d\">05.05.2011<\/span><\/p>\n<h2>Vindsf\u00f6rr\u00e5den S\u00f6dra Parkgatan<\/h2>\n<p>F\u00f6r att h\u00f6ja s\u00e4kerheten i fastigheten kommer vi successivt att flytta f\u00f6rr\u00e5den fr\u00e5n vinden till k\u00e4llaren. Renovering av k\u00e4llarutrymmet p\u00e5 S\u00f6dra Parkgatan 16 p\u00e5g\u00e5r f\u00f6r fullt och planen \u00e4r att inom kort flytta ner gallerboxarna, dvs ditt f\u00f6rr\u00e5d, fr\u00e5n vinden ner till k\u00e4llaren.<br \/>\nVi har tv\u00e5 l\u00e5sta vindsf\u00f6rr\u00e5d p\u00e5 S\u00f6dra Parkgatan som vi inte vet vem de tillh\u00f6r. Om du bor p\u00e5 Kristianstadsgatan 21A-C, men har vindsf\u00f6rr\u00e5det p\u00e5 S\u00f6dra Parkgatan 16 s\u00e5 v\u00e4nligen h\u00f6r av dig till Ingrid Olsson p\u00e5 0704-266101.<\/p>\n<hr \/>\n<p><span class=\"hyresgast-d\">05.05.2011<\/span><\/p>\n<h2>\u00d6ppning vindarna<\/h2>\n<p>Vindarna \u00f6ppnas p\u00e5 beg\u00e4ran av v\u00e5r fastighetssk\u00f6tare Bo Ekholm, 0707-207070.<br \/>\n<img decoding=\"async\" loading=\"lazy\" class=\"alignnone size-full wp-image-98\" title=\"bild\" src=\"\/wp-content\/uploads\/2011\/04\/bild.png\" alt=\"\" width=\"420\" height=\"240\" \/><\/p>\n","protected":false},"excerpt":{"rendered":"<p>Kristianstadsgatan 21 A-C 06.04.2024 Cyklar p\u00e5 g\u00e5rden Alla cyklar p\u00e5 g\u00e5rden kommer fr o m 15 april att m\u00e4rkas med ett r\u00f6tt plastband, vilket du som \u00e4ger cykeln snarast skall avl\u00e4gsna. De cyklar som fortfarande har kvar sin markering efter tre veckor kommer att forslas bort genom fastighets\u00e4garens f\u00f6rsorg. Cyklar skall parkeras i de cykelst\u00e4ll &hellip; <a href=\"http:\/\/swabfastigheter.se\/?page_id=19\" class=\"more-link\">Forts\u00e4tt l\u00e4sa <span class=\"screen-reader-text\">Kristianstadsgatan 21 A-C<\/span> <span class=\"meta-nav\">&rarr;<\/span><\/a><\/p>\n","protected":false},"author":1,"featured_media":0,"parent":24,"menu_order":0,"comment_status":"closed","ping_status":"closed","template":"","meta":[],"_links":{"self":[{"href":"http:\/\/swabfastigheter.se\/index.php?rest_route=\/wp\/v2\/pages\/19"}],"collection":[{"href":"http:\/\/swabfastigheter.se\/index.php?rest_route=\/wp\/v2\/pages"}],"about":[{"href":"http:\/\/swabfastigheter.se\/index.php?rest_route=\/wp\/v2\/types\/page"}],"author":[{"embeddable":true,"href":"http:\/\/swabfastigheter.se\/index.php?rest_route=\/wp\/v2\/users\/1"}],"replies":[{"embeddable":true,"href":"http:\/\/swabfastigheter.se\/index.php?rest_route=%2Fwp%2Fv2%2Fcomments&post=19"}],"version-history":[{"count":10,"href":"http:\/\/swabfastigheter.se\/index.php?rest_route=\/wp\/v2\/pages\/19\/revisions"}],"predecessor-version":[{"id":929,"href":"http:\/\/swabfastigheter.se\/index.php?rest_route=\/wp\/v2\/pages\/19\/revisions\/929"}],"up":[{"embeddable":true,"href":"http:\/\/swabfastigheter.se\/index.php?rest_route=\/wp\/v2\/pages\/24"}],"wp:attachment":[{"href":"http:\/\/swabfastigheter.se\/index.php?rest_route=%2Fwp%2Fv2%2Fmedia&parent=19"}],"curies":[{"name":"wp","href":"https:\/\/api.w.org\/{rel}","templated":true}]}}