{"id":84,"date":"2011-04-13T18:59:14","date_gmt":"2011-04-13T18:59:14","guid":{"rendered":"http:\/\/swab.attraction.se\/?page_id=84"},"modified":"2015-10-02T10:28:48","modified_gmt":"2015-10-02T10:28:48","slug":"vara-fastigheter","status":"publish","type":"page","link":"http:\/\/swabfastigheter.se\/?page_id=84","title":{"rendered":"V\u00e5ra fastigheter"},"content":{"rendered":"<div class=\"row\">\n<div class=\"col-md-6\">\n<h1>Almbacksgatan 15<\/h1>\n<p>Fastigheten har ett attraktivt och centralt l\u00e4ge i Malm\u00f6, med n\u00e4rhet till M\u00f6llev\u00e5ngstorget och city. Malm\u00f6s absoluta centrum n\u00e5s via Bergsgatan och avst\u00e5ndet bed\u00f6ms till mindre \u00e4n 1 km.<\/p>\n<p>Fastigheten \u00e4r ursprungligen uppf\u00f6rd 1939 i 4 v\u00e5ningar, k\u00e4llare och delvis inredd vind. Helrenovering genomf\u00f6rdes 1979. Byggnaden inrymmer bostadsl\u00e4genheter med ett rum och k\u00f6k samt med tv\u00e5 rum och k\u00f6k.<\/p>\n<p>Fastigheten har en tidstypisk innerg\u00e5rd med gr\u00e4smatta och rabatter samt en fin uteplats att nyttjas av hyresg\u00e4sterna.<\/p>\n<p>I byggnadens k\u00e4llarplan finns en tv\u00e4ttstuga med helt nya Wascatormaskiner (tv\u00e4ttmaskiner, torktumlare och torksk\u00e5p).<\/p>\n<h2>Kommunikationer<\/h2>\n<p>Kommunikationerna \u00e4r mycket bra, b\u00e5de stadsbussar och regionbussar har h\u00e5llplatser i n\u00e4rheten. Till Citytunnelns station vid Triangel \u00e4r det mindre \u00e4n<br \/>\n15 minuter till fots.<\/p>\n<h2>Kabel-TV<\/h2>\n<p>Avtal med Canal Digital<\/p>\n<h2>Kulturliv<\/h2>\n<p>Malm\u00f6 Konsthall, Konserthuset och Malm\u00f6 Stadsteater p\u00e5 g\u00e5ngavst\u00e5nd.<\/p>\n<p><\/p>\n<\/div>\n<div class=\"col-md-5 col-md-offset-1 text-center\"><img decoding=\"async\" loading=\"lazy\" title=\"Almbacksgatan\" src=\"http:\/\/material.swabfastigheter.se\/2011\/04\/vara_fastigheter_almbacksgatan1.png\" alt=\"\" width=\"420\" height=\"390\" \/><\/p>\n<p><\/p>\n<\/div>\n<\/div>\n<div class=\"row\">\n<div class=\"col-sm-6 col-md-3 text-center\"><img decoding=\"async\" loading=\"lazy\" title=\"Almbacksgatan\" src=\"\/wp-content\/uploads\/2011\/04\/Almbacksgatan_1.jpg\" alt=\"\" width=\"200\" height=\"134\" \/><\/p>\n<p><\/p>\n<\/div>\n<div class=\"col-sm-6 col-md-3 text-center\"><img decoding=\"async\" loading=\"lazy\" title=\"Almbacksgatan\" src=\"wp-content\/uploads\/2011\/04\/sma_bilder4.png\" alt=\"\" width=\"200\" height=\"134\" \/><\/p>\n<p><\/p>\n<\/div>\n<div class=\"col-sm-6 col-md-3 text-center\"><img decoding=\"async\" loading=\"lazy\" title=\"Almbacksgatan\" src=\"\/wp-content\/uploads\/2011\/04\/Almbacksgatan_3.jpg\" alt=\"\" width=\"200\" height=\"134\" \/><\/p>\n<p><\/p>\n<\/div>\n<div class=\"col-sm-6 col-md-3 text-center\"><img decoding=\"async\" loading=\"lazy\" title=\"Almbacksgatan\" src=\"\/wp-content\/uploads\/2011\/04\/Almbacksgatan_4.jpg\" alt=\"\" width=\"200\" height=\"134\" \/><\/p>\n<p><\/p>\n<\/div>\n<\/div>\n<p><\/p>\n<hr\/>\n<p><\/p>\n<div class=\"row\">\n<div class=\"col-md-6\">\n<h1>Kristianstadsgatan 21 A-C<\/h1>\n<p>Fastigheten \u00e4r bel\u00e4gen i M\u00f6llev\u00e5ngen i centrala Malm\u00f6 och ligger granne med Folkets Park som \u00e4r Sveriges f\u00f6rsta folkpark, uppf\u00f6rd i b\u00f6rjan av 1800-talet. M\u00f6llev\u00e5ngen \u00e4r en magnet och en f\u00f6rebild f\u00f6r m\u00e5nga. H\u00e4r finns kraft och engagemang. Malm\u00f6s absoluta centrum n\u00e5s l\u00e4tt via Bergsgatan och avst\u00e5ndet bed\u00f6ms till mindre \u00e4n 1 km.<\/p>\n<p>Fastigheten, ett vackert sekelskiftshus, \u00e4r ursprungligen uppf\u00f6rd 1907 i 4 v\u00e5ningar, k\u00e4llare och delvis inredd vind. Helrenovering genomf\u00f6rdes 1979. Byggnaden inrymmer bostadsl\u00e4genheter i flera storlekar fr\u00e5n ett rum och k\u00f6k till fyra rum och k\u00f6k.<\/p>\n<p>Tv\u00e4ttstugan \u00e4r bel\u00e4gen i markplan och utrustad med tv\u00e4ttmaskiner, torktumlare och torksk\u00e5p av m\u00e4rket Wascator.<\/p>\n<h2>Kommunikationer<\/h2>\n<p>Kommunikationerna \u00e4r mycket bra, b\u00e5de stadsbussar och regionbussar har h\u00e5llplatser i n\u00e4rheten. Till Citytunnelns station vid Triangel \u00e4r det mindre \u00e4n 15 minuter till fots.<\/p>\n<h2>Kabel-TV<\/h2>\n<p>Avtal med ComHem<\/p>\n<h2>Kulturliv<\/h2>\n<p>Malm\u00f6 Konsthall, Konserthuset och Malm\u00f6 Stadsteater p\u00e5 g\u00e5ngavst\u00e5nd.<\/p>\n<p><\/p>\n<\/div>\n<div class=\"col-md-5 col-md-offset-1 text-center\">\n<img decoding=\"async\" loading=\"lazy\" title=\"Kristianstadsgatan\" src=\"\/wp-content\/uploads\/2011\/04\/vara_fastigheter_Kristianstadsgatan4.png\" alt=\"\"  width=\"420\" height=\"390\"\/><\/p>\n<p><\/p>\n<\/div>\n<\/div>\n<div class=\"row\">\n<div class=\"col-sm-6 col-md-3 text-center\"><img decoding=\"async\" loading=\"lazy\" title=\"Kristianstadsgatan\" src=\"\/wp-content\/uploads\/2011\/04\/sma_bilder51.png\" alt=\"\"  width=\"200\" height=\"134\" \/><\/p>\n<p><\/p>\n<\/div>\n<div class=\"col-sm-6 col-md-3 text-center\"><img decoding=\"async\" loading=\"lazy\" title=\"Kristianstadsgatan\" src=\"\/wp-content\/uploads\/2011\/04\/sma_bilder82.png\" alt=\"\" width=\"200\" height=\"134\" \/><\/p>\n<p><\/p>\n<\/div>\n<div class=\"col-sm-6 col-md-3 text-center\"><img decoding=\"async\" loading=\"lazy\" title=\"Kristianstadsgatan\" src=\"\/wp-content\/uploads\/2011\/04\/sma_bilder111.png\" alt=\"\" width=\"200\" height=\"134\" \/><\/p>\n<p><\/p>\n<\/div>\n<div class=\"col-sm-6 col-md-3 text-center\"><img decoding=\"async\" loading=\"lazy\" title=\"Kristianstadsgatan\" src=\"\/wp-content\/uploads\/2011\/04\/sma_bilder14.png\" alt=\"\" width=\"200\" height=\"134\" \/><\/p>\n<p><\/p>\n<\/div>\n<\/div>\n<p><\/p>\n<hr\/>\n<p><\/p>\n<div class=\"row\">\n<div class=\"col-md-6\">\n<h1>S\u00f6dra Parkgatan 16<\/h1>\n<p>Fastigheten \u00e4r bel\u00e4gen i M\u00f6llev\u00e5ngen i centrala Malm\u00f6. M\u00f6llev\u00e5ngen \u00e4r ett attraktivt bostadsomr\u00e5de och k\u00e4nt f\u00f6r sin etniska m\u00e5ngfald betr\u00e4ffande mat och aff\u00e4rer. Omr\u00e5det har Malm\u00f6s mest f\u00e4rgstarka kvarter med en livlig torghandel och ett rikt utbud av shopping och restauranger fr\u00e5n hela v\u00e4rlden. Malm\u00f6s absoluta centrum n\u00e5s l\u00e4tt via Bergsgatan och avst\u00e5ndet bed\u00f6ms till mindre \u00e4n 1 km.<\/p>\n<p>Fastigheten, ett vackert sekelskiftshus, \u00e4r ursprungligen uppf\u00f6rd 1907 i 4 v\u00e5ningar, k\u00e4llare och delvis inredd vind. Helrenovering genomf\u00f6rdes 1979. Byggnaden inrymmer bostadsl\u00e4genheter i flera storlekar fr\u00e5n ett rum och k\u00f6k till fyra rum och k\u00f6k.<\/p>\n<p>Tv\u00e4ttstugan \u00e4r bel\u00e4gen i markplan och utrustad med tv\u00e4ttmaskiner, torktumlare och torksk\u00e5p av m\u00e4rket Wascator.<\/p>\n<h2>Kommunikationer<\/h2>\n<p>Kommunikationerna \u00e4r mycket bra, b\u00e5de stadsbussar och regionbussar har h\u00e5llplatser i n\u00e4rheten. Till Citytunnelns station vid Triangel \u00e4r det mindre \u00e4n 15 minuter till fots.<\/p>\n<h2>Kabel-TV<\/h2>\n<p>Avtal med ComHem<\/p>\n<h2>Kulturliv<\/h2>\n<p>Malm\u00f6 Konsthall, Konserthuset och Malm\u00f6 Stadsteater p\u00e5 g\u00e5ngavst\u00e5nd.<\/p>\n<p><\/p>\n<\/div>\n<div class=\"col-md-5 col-md-offset-1 text-center\"><img decoding=\"async\" loading=\"lazy\" title=\"S\u00f6dra Parkgatan\" src=\"http:\/\/material.swabfastigheter.se\/2011\/04\/vara_fastigheter_sodraParkgatan2.png\" alt=\"\" width=\"420\" height=\"390\" \/><\/p>\n<p><\/p>\n<\/div>\n<\/div>\n<div class=\"row\">\n<div class=\"col-sm-6 col-md-3 text-center\"><img decoding=\"async\" loading=\"lazy\" title=\"S\u00f6dra Parkgatan\" src=\"\/wp-content\/uploads\/2011\/04\/sma_bilder1.png\" alt=\"\" width=\"200\" height=\"134\" \/><\/p>\n<p><\/p>\n<\/div>\n<div class=\"col-sm-6 col-md-3 text-center\"><img decoding=\"async\" loading=\"lazy\" title=\"S\u00f6dra Parkgatan\" src=\"\/wp-content\/uploads\/2011\/04\/sma_bilder73.png\" alt=\"\"  width=\"200\" height=\"134\" \/><\/p>\n<p><\/p>\n<\/div>\n<div class=\"col-sm-6 col-md-3 text-center\"><img decoding=\"async\" loading=\"lazy\" title=\"S\u00f6dra Parkgatan\" src=\"\/wp-content\/uploads\/2011\/04\/sma_bilder15.png\" alt=\"\" width=\"200\" height=\"134\" \/><\/p>\n<p><\/p>\n<\/div>\n<div class=\"col-sm-6 col-md-3 text-center\"><img decoding=\"async\" loading=\"lazy\" title=\"S\u00f6dra Parkgatan\" src=\"\/wp-content\/uploads\/2011\/04\/S_parkgatan_4.jpg\" alt=\"\" width=\"200\" height=\"134\" \/><\/p>\n<p><\/p>\n<\/div>\n<\/div>\n","protected":false},"excerpt":{"rendered":"<p>Almbacksgatan 15 Fastigheten har ett attraktivt och centralt l\u00e4ge i Malm\u00f6, med n\u00e4rhet till M\u00f6llev\u00e5ngstorget och city. Malm\u00f6s absoluta centrum n\u00e5s via Bergsgatan och avst\u00e5ndet bed\u00f6ms till mindre \u00e4n 1 km. Fastigheten \u00e4r ursprungligen uppf\u00f6rd 1939 i 4 v\u00e5ningar, k\u00e4llare och delvis inredd vind. Helrenovering genomf\u00f6rdes 1979. Byggnaden inrymmer bostadsl\u00e4genheter med ett rum och k\u00f6k &hellip; <a href=\"http:\/\/swabfastigheter.se\/?page_id=84\" class=\"more-link\">Forts\u00e4tt l\u00e4sa <span class=\"screen-reader-text\">V\u00e5ra fastigheter<\/span> <span class=\"meta-nav\">&rarr;<\/span><\/a><\/p>\n","protected":false},"author":1,"featured_media":0,"parent":0,"menu_order":0,"comment_status":"closed","ping_status":"closed","template":"fullwidth.php","meta":[],"_links":{"self":[{"href":"http:\/\/swabfastigheter.se\/index.php?rest_route=\/wp\/v2\/pages\/84"}],"collection":[{"href":"http:\/\/swabfastigheter.se\/index.php?rest_route=\/wp\/v2\/pages"}],"about":[{"href":"http:\/\/swabfastigheter.se\/index.php?rest_route=\/wp\/v2\/types\/page"}],"author":[{"embeddable":true,"href":"http:\/\/swabfastigheter.se\/index.php?rest_route=\/wp\/v2\/users\/1"}],"replies":[{"embeddable":true,"href":"http:\/\/swabfastigheter.se\/index.php?rest_route=%2Fwp%2Fv2%2Fcomments&post=84"}],"version-history":[{"count":23,"href":"http:\/\/swabfastigheter.se\/index.php?rest_route=\/wp\/v2\/pages\/84\/revisions"}],"predecessor-version":[{"id":851,"href":"http:\/\/swabfastigheter.se\/index.php?rest_route=\/wp\/v2\/pages\/84\/revisions\/851"}],"wp:attachment":[{"href":"http:\/\/swabfastigheter.se\/index.php?rest_route=%2Fwp%2Fv2%2Fmedia&parent=84"}],"curies":[{"name":"wp","href":"https:\/\/api.w.org\/{rel}","templated":true}]}}